{"id":3484,"date":"2022-02-05T23:35:02","date_gmt":"2022-02-05T22:35:02","guid":{"rendered":"https:\/\/www.profteq.it\/?page_id=3484"},"modified":"2026-03-06T11:04:57","modified_gmt":"2026-03-06T10:04:57","slug":"empresa","status":"publish","type":"page","link":"https:\/\/www.profteq.it\/pt-pt\/empresa\/","title":{"rendered":"Empresa"},"content":{"rendered":"<p>[vc_row content_text_aligment=&#8221;left&#8221; el_id=&#8221;azienda-chisiamo&#8221; css=&#8221;.vc_custom_1686554515676{margin-top: 15px !important;background-image: url(https:\/\/www.profteq.it\/wp-content\/uploads\/2023\/06\/Profteq_villadelconte_MOD_AZIENDA.jpg?id=1391) !important;}&#8221; el_class=&#8221;dark-row image-row&#8221;][vc_column width=&#8221;1\/2&#8243; el_class=&#8221;image-row-img&#8221;][\/vc_column][vc_column width=&#8221;1\/2&#8243; css=&#8221;.vc_custom_1675527015092{padding-top: 132px !important;padding-right: 104px !important;padding-bottom: 95px !important;padding-left: 104px !important;background-color: rgba(0,0,0,0.74) !important;*background-color: rgb(0,0,0) !important;}&#8221; el_class=&#8221;chisiamo-text image-row-text&#8221;][vc_column_text]<\/p>\n<h2 style=\"text-align: left;\">QUEM SOMOS<\/h2>\n<p>[\/vc_column_text][vc_column_text css=&#8221;.vc_custom_1715870390584{padding-top: 25px !important;padding-bottom: 40px !important;}&#8221;]<\/p>\n<p class=\"Standard\">A <strong>ProfteQ<\/strong> produz m\u00e1quinas e sistemas automatizados para o projeto e usinagem de perfis de PVC.<\/p>\n<p class=\"Standard\">Desde 1980, ano da realiza\u00e7\u00e3o da primeira soldadora de uma cabe\u00e7a, a produ\u00e7\u00e3o da <strong>ProfteQ<\/strong> tem sido alvo de amplia\u00e7\u00e3o e evolu\u00e7\u00e3o, traduzindo-se em uma das ofertas mais completas do setor. Todos os produtos ProfteQ s\u00e3o projetados e realizados na moderna f\u00e1brica de Villa del Conte, na prov\u00edncia italiana de P\u00e1dua. <strong>Design e tecnologia 100% Made in Italy s\u00e3o elementos essenciais da produ\u00e7\u00e3o ProfteQ.<\/strong><\/p>\n<p class=\"Standard\">Atualmente, o cat\u00e1logo da <strong>ProfteQ<\/strong> inclui: solu\u00e7\u00f5es para o corte, usinagem, soldagem e limpeza, mas tamb\u00e9m log\u00edstica voltada \u00e0 oficina e softwares dedicados.<\/p>\n<p>[\/vc_column_text][\/vc_column][\/vc_row][vc_row el_class=&#8221;mission&#8221;][vc_column][vc_row_inner row_content_width=&#8221;grid&#8221; css=&#8221;.vc_custom_1686576586689{padding-top: 0px !important;}&#8221;][vc_column_inner][vc_column_text]<\/p>\n<h2 style=\"text-align: center;\">Nossa miss\u00e3o \u00e9 realizar m\u00e1quinas e equipamentos rigorosamente Made in Italy para a fabrica\u00e7\u00e3o de janelas de PVC.<\/h2>\n<p>[\/vc_column_text][\/vc_column_inner][\/vc_row_inner][\/vc_column][\/vc_row][vc_row el_id=&#8221;store-locator&#8221;][vc_column][vc_column_text]<\/p>\n<h3>Localiza\u00e7\u00f5es e revendedores<\/h3>\n<p>[\/vc_column_text][vc_column_text]<style>\r\n\t#wpsl-stores .wpsl-store-thumb {height:45px !important; width:45px !important;}\r\n\t#wpsl-stores, #wpsl-direction-details, #wpsl-gmap {height:350px !important;}\r\n\t#wpsl-gmap .wpsl-info-window {max-width:225px !important;}\r\n\t.wpsl-input label, #wpsl-radius label, #wpsl-category label {width:95px;}\r\n\t#wpsl-search-input  {width:179px;}\r\n<\/style>\r\n<div id=\"wpsl-wrap\">\r\n\t<div class=\"wpsl-search wpsl-clearfix \">\r\n\t\t<div id=\"wpsl-search-wrap\">\r\n\t\t\t<form autocomplete=\"off\">\r\n\t\t\t<div class=\"wpsl-input\">\r\n\t\t\t\t<div><label for=\"wpsl-search-input\">Sua localiza\u00e7\u00e3o<\/label><\/div>\r\n\t\t\t\t<input id=\"wpsl-search-input\" type=\"text\" value=\"\" name=\"wpsl-search-input\" placeholder=\"\" aria-required=\"true\" \/>\r\n\t\t\t<\/div>\r\n\t\t\t<div class=\"wpsl-select-wrap\">\r\n\t\t\t\t<div id=\"wpsl-radius\">\r\n\t\t\t\t\t<label for=\"wpsl-radius-dropdown\">Raio de pesquisa<\/label>\r\n\t\t\t\t\t<select id=\"wpsl-radius-dropdown\" class=\"wpsl-dropdown\" name=\"wpsl-radius\">\r\n\t\t\t\t\t\t<option value=\"10\">10 km<\/option><option value=\"25\">25 km<\/option><option selected=\"selected\" value=\"50\">50 km<\/option><option value=\"100\">100 km<\/option><option value=\"200\">200 km<\/option><option value=\"500\">500 km<\/option>\r\n\t\t\t\t\t<\/select>\r\n\t\t\t\t<\/div>\r\n\t\t\t\t<div id=\"wpsl-results\">\r\n\t\t\t\t\t<label for=\"wpsl-results-dropdown\">Resultados<\/label>\r\n\t\t\t\t\t<select id=\"wpsl-results-dropdown\" class=\"wpsl-dropdown\" name=\"wpsl-results\">\r\n\t\t\t\t\t\t<option selected=\"selected\" value=\"25\">25<\/option><option value=\"50\">50<\/option><option value=\"75\">75<\/option><option value=\"100\">100<\/option>\r\n\t\t\t\t\t<\/select>\r\n\t\t\t\t<\/div>\r\n\t\t\t<\/div>\r\n\t\t\t\t<div class=\"wpsl-search-btn-wrap\"><input id=\"wpsl-search-btn\" type=\"submit\" value=\"Pesquisar\"><\/div>\r\n\t\t<\/form>\r\n\t\t<\/div>\r\n\t<\/div>\r\n\t<div id=\"wpsl-gmap\" class=\"wpsl-gmap-canvas\"><\/div>\r\n\t<div id=\"wpsl-result-list\">\r\n\t\t<div id=\"wpsl-stores\" >\r\n\t\t\t<ul><\/ul>\r\n\t\t<\/div>\r\n\t\t<div id=\"wpsl-direction-details\">\r\n\t\t\t<ul><\/ul>\r\n\t\t<\/div>\r\n\t<\/div>\r\n<\/div>\r\n[\/vc_column_text][\/vc_column][\/vc_row][vc_row full_width=&#8221;stretch_row_content_no_spaces&#8221; el_class=&#8221;dark-row&#8221;][vc_column][vc_single_image image=&#8221;1821&#8243; img_size=&#8221;full&#8221;][\/vc_column][\/vc_row][vc_section full_width=&#8221;stretch_row&#8221; el_class=&#8221;fom-group-list&#8221; el_id=&#8221;fom_group&#8221;][vc_row][vc_column][vc_column_text el_class=&#8221;section-title dark-green&#8221; css=&#8221;.vc_custom_1715870586830{padding-bottom: 15px !important;}&#8221;]<\/p>\n<h3>O GRUPO FOM<\/h3>\n<p>[\/vc_column_text][vc_column_text css=&#8221;.vc_custom_1715870604928{padding-bottom: 50px !important;}&#8221;]<strong>Desde 1989, ano da compra da primeira filial, a Fom Industrie tem se expandido no mercado mundial investindo em empresas com know-how inovador.<\/strong><\/p>\n<p>Atualmente, o grupo Fom inclui 9 empresas manufatureiras, 10 filiais comerciais no mundo e conta com 55 distribuidores oficiais. Trata-se de uma rede de empresas estruturada para gerir, a 360 graus, todas as fases da cadeia produtiva do setor das esquadrias, capaz de integrar a proposta de m\u00e1quinas com servi\u00e7os adicionais e complementares, tais como a log\u00edstica dedicada \u00e0 oficina e aplicativos software espec\u00edficos desenvolvidos internamente pela pr\u00f3pria Software House.[\/vc_column_text][\/vc_column][\/vc_row][vc_row el_id=&#8221;fom_group-grid&#8221; css=&#8221;.vc_custom_1651351470545{margin-bottom: -55px !important;}&#8221;][vc_column]<div class=\"qodef-elements-holder   qodef-one-column  qodef-responsive-mode-768 \" ><div class=\"qodef-eh-item company-tile   \" style=\"background-color: #ffffff\" data-item-class=\"qodef-eh-custom-9339\">\n\t<div class=\"qodef-eh-item-inner\">\n\t\t<div class=\"qodef-eh-item-content qodef-eh-custom-9339\" >\n\t\t\t[vc_single_image image=&#8221;4061&#8243; img_size=&#8221;full&#8221; alignment=&#8221;center&#8221; onclick=&#8221;custom_link&#8221; img_link_target=&#8221;_blank&#8221; link=&#8221;#&#8221; el_class=&#8221;fom-group-tile-logo&#8221;][vc_column_text el_class=&#8221;text-center fom-group-caption&#8221;]Macchine e soluzioni avanzate per il taglio e la lavorazione dell\u2019alluminio[\/vc_column_text][vc_raw_html]JTNDZGl2JTIwY2xhc3MlM0QlMjJidXR0b24tZ2VuJTIwYnV0dG9uLWxpZ2h0JTIyJTNFJTNDYSUyMGhyZWYlM0QlMjJodHRwcyUzQSUyRiUyRnd3dy5mb21pbmR1c3RyaWUuY29tJTJGJTIyJTIwdGFyZ2V0JTNEJTIyX2JsYW5rJTIyJTNFVmFpJTIwYWwlMjBzaXRvJTNDJTJGYSUzRSUzQyUyRmRpdiUzRQ==[\/vc_raw_html]\t\t<\/div>\n\t<\/div>\n<\/div><\/div><div class=\"qodef-elements-holder   qodef-one-column  qodef-responsive-mode-768 \" ><div class=\"qodef-eh-item company-tile   \" style=\"background-color: #ffffff\" data-item-class=\"qodef-eh-custom-2779\">\n\t<div class=\"qodef-eh-item-inner\">\n\t\t<div class=\"qodef-eh-item-content qodef-eh-custom-2779\" >\n\t\t\t[vc_single_image image=&#8221;4080&#8243; img_size=&#8221;full&#8221; alignment=&#8221;center&#8221; onclick=&#8221;custom_link&#8221; img_link_target=&#8221;_blank&#8221; link=&#8221;https:\/\/www.profteq.it\/it&#8221; el_class=&#8221;fom-group-tile-logo&#8221;][vc_column_text el_class=&#8221;text-center fom-group-caption&#8221;]Punzonatrici, logistica d\u2019officina, taglio termico[\/vc_column_text][vc_raw_html]JTNDZGl2JTIwY2xhc3MlM0QlMjJidXR0b24tZ2VuJTIwYnV0dG9uLWxpZ2h0JTIyJTNFJTNDYSUyMGhyZWYlM0QlMjJodHRwcyUzQSUyRiUyRnd3dy5jb21hbGwuaXQlMkYlMjIlMjB0YXJnZXQlM0QlMjJfYmxhbmslMjIlM0VWYWklMjBhbCUyMHNpdG8lM0MlMkZhJTNFJTNDJTJGZGl2JTNF[\/vc_raw_html]\t\t<\/div>\n\t<\/div>\n<\/div><\/div><div class=\"qodef-elements-holder   qodef-one-column  qodef-responsive-mode-768 \" ><div class=\"qodef-eh-item company-tile   \" style=\"background-color: #ffffff\" data-item-class=\"qodef-eh-custom-4107\">\n\t<div class=\"qodef-eh-item-inner\">\n\t\t<div class=\"qodef-eh-item-content qodef-eh-custom-4107\" >\n\t\t\t[vc_single_image image=&#8221;4086&#8243; img_size=&#8221;full&#8221; alignment=&#8221;center&#8221; onclick=&#8221;custom_link&#8221; img_link_target=&#8221;_blank&#8221; link=&#8221;https:\/\/www.profteq.it\/it&#8221; el_class=&#8221;fom-group-tile-logo&#8221;][vc_column_text el_class=&#8221;text-center fom-group-caption&#8221;]Soluzioni software[\/vc_column_text][vc_raw_html]JTNDZGl2JTIwY2xhc3MlM0QlMjJidXR0b24tZ2VuJTIwYnV0dG9uLWxpZ2h0JTIyJTNFJTNDYSUyMGhyZWYlM0QlMjJodHRwJTNBJTJGJTJGd3d3LmZvbXNvZnR3YXJlLmNvbSUyMiUyMHRhcmdldCUzRCUyMl9ibGFuayUyMiUzRVZhaSUyMGFsJTIwc2l0byUzQyUyRmElM0UlM0MlMkZkaXYlM0U=[\/vc_raw_html]\t\t<\/div>\n\t<\/div>\n<\/div><\/div><div class=\"qodef-elements-holder   qodef-one-column  qodef-responsive-mode-768 \" ><div class=\"qodef-eh-item company-tile   \" style=\"background-color: #ffffff\" data-item-class=\"qodef-eh-custom-7516\">\n\t<div class=\"qodef-eh-item-inner\">\n\t\t<div class=\"qodef-eh-item-content qodef-eh-custom-7516\" >\n\t\t\t[vc_single_image image=&#8221;4092&#8243; img_size=&#8221;full&#8221; alignment=&#8221;center&#8221; onclick=&#8221;custom_link&#8221; img_link_target=&#8221;_blank&#8221; link=&#8221;#&#8221; el_class=&#8221;fom-group-tile-logo&#8221;][vc_column_text el_class=&#8221;text-center fom-group-caption&#8221;]Macchine utensili per serramenti in PVC[\/vc_column_text][vc_raw_html]JTNDZGl2JTIwY2xhc3MlM0QlMjJidXR0b24tZ2VuJTIwYnV0dG9uLWxpZ2h0JTIyJTNFJTNDYSUyMGhyZWYlM0QlMjJodHRwcyUzQSUyRiUyRnd3dy5wcm9mdGVxLml0JTJGJTIyJTIwdGFyZ2V0JTNEJTIyX2JsYW5rJTIyJTNFVmFpJTIwYWwlMjBzaXRvJTNDJTJGYSUzRSUzQyUyRmRpdiUzRQ==[\/vc_raw_html]\t\t<\/div>\n\t<\/div>\n<\/div><\/div><div class=\"qodef-elements-holder   qodef-one-column  qodef-responsive-mode-768 \" ><div class=\"qodef-eh-item company-tile   \" style=\"background-color: #ffffff\" data-item-class=\"qodef-eh-custom-9105\">\n\t<div class=\"qodef-eh-item-inner\">\n\t\t<div class=\"qodef-eh-item-content qodef-eh-custom-9105\" >\n\t\t\t[vc_single_image image=&#8221;4098&#8243; img_size=&#8221;&#8221; alignment=&#8221;center&#8221; onclick=&#8221;custom_link&#8221; img_link_target=&#8221;_blank&#8221; link=&#8221;https:\/\/www.profteq.it\/it&#8221; el_class=&#8221;fom-group-tile-logo&#8221;][vc_column_text el_class=&#8221;text-center fom-group-caption&#8221;]Soluzioni per l&#8217;automazione industriale[\/vc_column_text][vc_raw_html]JTNDZGl2JTIwY2xhc3MlM0QlMjJidXR0b24tZ2VuJTIwYnV0dG9uLWxpZ2h0JTIyJTNFJTNDYSUyMGhyZWYlM0QlMjJodHRwcyUzQSUyRiUyRnd3dy50ZXhhdXRvbWF0aW9uLml0JTJGJTIyJTIwdGFyZ2V0JTNEJTIyX2JsYW5rJTIyJTNFVmFpJTIwYWwlMjBzaXRvJTNDJTJGYSUzRSUzQyUyRmRpdiUzRQ==[\/vc_raw_html]\t\t<\/div>\n\t<\/div>\n<\/div><\/div><div class=\"qodef-elements-holder   qodef-one-column  qodef-responsive-mode-768 \" ><div class=\"qodef-eh-item company-tile   \" style=\"background-color: #ffffff\" data-item-class=\"qodef-eh-custom-4195\">\n\t<div class=\"qodef-eh-item-inner\">\n\t\t<div class=\"qodef-eh-item-content qodef-eh-custom-4195\" >\n\t\t\t[vc_single_image image=&#8221;4104&#8243; img_size=&#8221;full&#8221; alignment=&#8221;center&#8221; onclick=&#8221;custom_link&#8221; img_link_target=&#8221;_blank&#8221; link=&#8221;https:\/\/www.profteq.it\/it&#8221; el_class=&#8221;fom-group-tile-logo&#8221;][vc_column_text el_class=&#8221;text-center fom-group-caption&#8221;]Attrezzature per l&#8217;assemblaggio dei serramenti[\/vc_column_text][vc_raw_html]JTNDZGl2JTIwY2xhc3MlM0QlMjJidXR0b24tZ2VuJTIwYnV0dG9uLWxpZ2h0JTIyJTNFJTNDYSUyMGhyZWYlM0QlMjIlMjMlMjIlMjB0YXJnZXQlM0QlMjJfYmxhbmslMjIlM0VWYWklMjBhbCUyMHNpdG8lM0MlMkZhJTNFJTNDJTJGZGl2JTNF[\/vc_raw_html]\t\t<\/div>\n\t<\/div>\n<\/div><\/div><div class=\"qodef-elements-holder graf  qodef-one-column  qodef-responsive-mode-768 \" ><div class=\"qodef-eh-item company-tile   \" style=\"background-color: #ffffff\" data-item-class=\"qodef-eh-custom-2044\">\n\t<div class=\"qodef-eh-item-inner\">\n\t\t<div class=\"qodef-eh-item-content qodef-eh-custom-2044\" >\n\t\t\t[vc_single_image image=&#8221;4138&#8243; img_size=&#8221;full&#8221; alignment=&#8221;center&#8221; onclick=&#8221;custom_link&#8221; img_link_target=&#8221;_blank&#8221; link=&#8221;https:\/\/www.grafsynergy.com\/&#8221; el_class=&#8221;fom-group-tile-logo&#8221;][vc_column_text el_class=&#8221;text-center fom-group-caption&#8221;]Tecnologia per serramenti in PVC[\/vc_column_text][vc_raw_html]JTNDZGl2JTIwY2xhc3MlM0QlMjJidXR0b24tZ2VuJTIwYnV0dG9uLWxpZ2h0JTIyJTNFJTNDYSUyMGhyZWYlM0QlMjJodHRwcyUzQSUyRiUyRnd3dy5ncmFmc3luZXJneS5jb20lMkYlMjIlMjB0YXJnZXQlM0QlMjJfYmxhbmslMjIlM0VHbyUyMHRvJTIwdGhlJTIwc2l0ZSUzQyUyRmElM0UlM0MlMkZkaXYlM0U=[\/vc_raw_html]\t\t<\/div>\n\t<\/div>\n<\/div><\/div>[vc_empty_space][\/vc_column][\/vc_row][\/vc_section]<\/p>\n","protected":false},"excerpt":{"rendered":"<p>[vc_row content_text_aligment=&#8221;left&#8221; el_id=&#8221;azienda-chisiamo&#8221; css=&#8221;.vc_custom_1686554515676{margin-top: 15px !important;background-image: url(https:\/\/www.profteq.it\/wp-content\/uploads\/2023\/06\/Profteq_villadelconte_MOD_AZIENDA.jpg?id=1391) !important;}&#8221; el_class=&#8221;dark-row image-row&#8221;][vc_column width=&#8221;1\/2&#8243; el_class=&#8221;image-row-img&#8221;][\/vc_column][vc_column width=&#8221;1\/2&#8243; css=&#8221;.vc_custom_1675527015092{padding-top: 132px !important;padding-right: 104px !important;padding-bottom: 95px !important;padding-left: 104px !important;background-color: rgba(0,0,0,0.74) !important;*background-color: rgb(0,0,0) !important;}&#8221; el_class=&#8221;chisiamo-text image-row-text&#8221;][vc_column_text] QUEM SOMOS [\/vc_column_text][vc_column_text css=&#8221;.vc_custom_1715870390584{padding-top: 25px !important;padding-bottom: 40px !important;}&#8221;] A ProfteQ produz m\u00e1quinas [&hellip;]<\/p>\n","protected":false},"author":7,"featured_media":0,"parent":0,"menu_order":0,"comment_status":"closed","ping_status":"closed","template":"full-width.php","meta":{"_acf_changed":false,"footnotes":""},"class_list":["post-3484","page","type-page","status-publish","hentry"],"acf":[],"yoast_head":"<!-- This site is optimized with the Yoast SEO plugin v26.5 - https:\/\/yoast.com\/wordpress\/plugins\/seo\/ -->\n<title>Empresa - ProfteQ<\/title>\n<meta name=\"robots\" content=\"index, follow, max-snippet:-1, max-image-preview:large, max-video-preview:-1\" \/>\n<link rel=\"canonical\" href=\"https:\/\/www.profteq.it\/pt-pt\/empresa\/\" \/>\n<meta property=\"og:locale\" content=\"pt_PT\" \/>\n<meta property=\"og:type\" content=\"article\" \/>\n<meta property=\"og:title\" content=\"Empresa - ProfteQ\" \/>\n<meta property=\"og:description\" content=\"[vc_row content_text_aligment=&#8221;left&#8221; el_id=&#8221;azienda-chisiamo&#8221; css=&#8221;.vc_custom_1686554515676{margin-top: 15px !important;background-image: url(https:\/\/www.profteq.it\/wp-content\/uploads\/2023\/06\/Profteq_villadelconte_MOD_AZIENDA.jpg?id=1391) !important;}&#8221; el_class=&#8221;dark-row image-row&#8221;][vc_column width=&#8221;1\/2&#8243; el_class=&#8221;image-row-img&#8221;][\/vc_column][vc_column width=&#8221;1\/2&#8243; css=&#8221;.vc_custom_1675527015092{padding-top: 132px !important;padding-right: 104px !important;padding-bottom: 95px !important;padding-left: 104px !important;background-color: rgba(0,0,0,0.74) !important;*background-color: rgb(0,0,0) !important;}&#8221; el_class=&#8221;chisiamo-text image-row-text&#8221;][vc_column_text] QUEM SOMOS [\/vc_column_text][vc_column_text css=&#8221;.vc_custom_1715870390584{padding-top: 25px !important;padding-bottom: 40px !important;}&#8221;] A ProfteQ produz m\u00e1quinas [&hellip;]\" \/>\n<meta property=\"og:url\" content=\"https:\/\/www.profteq.it\/pt-pt\/empresa\/\" \/>\n<meta property=\"og:site_name\" content=\"ProfteQ\" \/>\n<meta property=\"article:modified_time\" content=\"2026-03-06T10:04:57+00:00\" \/>\n<meta name=\"twitter:card\" content=\"summary_large_image\" \/>\n<meta name=\"twitter:label1\" content=\"Tempo estimado de leitura\" \/>\n\t<meta name=\"twitter:data1\" content=\"3 minutos\" \/>\n<script type=\"application\/ld+json\" class=\"yoast-schema-graph\">{\"@context\":\"https:\/\/schema.org\",\"@graph\":[{\"@type\":\"WebPage\",\"@id\":\"https:\/\/www.profteq.it\/pt-pt\/empresa\/\",\"url\":\"https:\/\/www.profteq.it\/pt-pt\/empresa\/\",\"name\":\"Empresa - ProfteQ\",\"isPartOf\":{\"@id\":\"https:\/\/www.profteq.it\/#website\"},\"datePublished\":\"2022-02-05T22:35:02+00:00\",\"dateModified\":\"2026-03-06T10:04:57+00:00\",\"breadcrumb\":{\"@id\":\"https:\/\/www.profteq.it\/pt-pt\/empresa\/#breadcrumb\"},\"inLanguage\":\"pt-PT\",\"potentialAction\":[{\"@type\":\"ReadAction\",\"target\":[\"https:\/\/www.profteq.it\/pt-pt\/empresa\/\"]}]},{\"@type\":\"BreadcrumbList\",\"@id\":\"https:\/\/www.profteq.it\/pt-pt\/empresa\/#breadcrumb\",\"itemListElement\":[{\"@type\":\"ListItem\",\"position\":1,\"name\":\"Home\",\"item\":\"https:\/\/www.profteq.it\/\"},{\"@type\":\"ListItem\",\"position\":2,\"name\":\"Empresa\"}]},{\"@type\":\"WebSite\",\"@id\":\"https:\/\/www.profteq.it\/#website\",\"url\":\"https:\/\/www.profteq.it\/\",\"name\":\"ProfteQ\",\"description\":\"\",\"potentialAction\":[{\"@type\":\"SearchAction\",\"target\":{\"@type\":\"EntryPoint\",\"urlTemplate\":\"https:\/\/www.profteq.it\/?s={search_term_string}\"},\"query-input\":{\"@type\":\"PropertyValueSpecification\",\"valueRequired\":true,\"valueName\":\"search_term_string\"}}],\"inLanguage\":\"pt-PT\"}]}<\/script>\n<!-- \/ Yoast SEO plugin. -->","yoast_head_json":{"title":"Empresa - ProfteQ","robots":{"index":"index","follow":"follow","max-snippet":"max-snippet:-1","max-image-preview":"max-image-preview:large","max-video-preview":"max-video-preview:-1"},"canonical":"https:\/\/www.profteq.it\/pt-pt\/empresa\/","og_locale":"pt_PT","og_type":"article","og_title":"Empresa - ProfteQ","og_description":"[vc_row content_text_aligment=&#8221;left&#8221; el_id=&#8221;azienda-chisiamo&#8221; css=&#8221;.vc_custom_1686554515676{margin-top: 15px !important;background-image: url(https:\/\/www.profteq.it\/wp-content\/uploads\/2023\/06\/Profteq_villadelconte_MOD_AZIENDA.jpg?id=1391) !important;}&#8221; el_class=&#8221;dark-row image-row&#8221;][vc_column width=&#8221;1\/2&#8243; el_class=&#8221;image-row-img&#8221;][\/vc_column][vc_column width=&#8221;1\/2&#8243; css=&#8221;.vc_custom_1675527015092{padding-top: 132px !important;padding-right: 104px !important;padding-bottom: 95px !important;padding-left: 104px !important;background-color: rgba(0,0,0,0.74) !important;*background-color: rgb(0,0,0) !important;}&#8221; el_class=&#8221;chisiamo-text image-row-text&#8221;][vc_column_text] QUEM SOMOS [\/vc_column_text][vc_column_text css=&#8221;.vc_custom_1715870390584{padding-top: 25px !important;padding-bottom: 40px !important;}&#8221;] A ProfteQ produz m\u00e1quinas [&hellip;]","og_url":"https:\/\/www.profteq.it\/pt-pt\/empresa\/","og_site_name":"ProfteQ","article_modified_time":"2026-03-06T10:04:57+00:00","twitter_card":"summary_large_image","twitter_misc":{"Tempo estimado de leitura":"3 minutos"},"schema":{"@context":"https:\/\/schema.org","@graph":[{"@type":"WebPage","@id":"https:\/\/www.profteq.it\/pt-pt\/empresa\/","url":"https:\/\/www.profteq.it\/pt-pt\/empresa\/","name":"Empresa - ProfteQ","isPartOf":{"@id":"https:\/\/www.profteq.it\/#website"},"datePublished":"2022-02-05T22:35:02+00:00","dateModified":"2026-03-06T10:04:57+00:00","breadcrumb":{"@id":"https:\/\/www.profteq.it\/pt-pt\/empresa\/#breadcrumb"},"inLanguage":"pt-PT","potentialAction":[{"@type":"ReadAction","target":["https:\/\/www.profteq.it\/pt-pt\/empresa\/"]}]},{"@type":"BreadcrumbList","@id":"https:\/\/www.profteq.it\/pt-pt\/empresa\/#breadcrumb","itemListElement":[{"@type":"ListItem","position":1,"name":"Home","item":"https:\/\/www.profteq.it\/"},{"@type":"ListItem","position":2,"name":"Empresa"}]},{"@type":"WebSite","@id":"https:\/\/www.profteq.it\/#website","url":"https:\/\/www.profteq.it\/","name":"ProfteQ","description":"","potentialAction":[{"@type":"SearchAction","target":{"@type":"EntryPoint","urlTemplate":"https:\/\/www.profteq.it\/?s={search_term_string}"},"query-input":{"@type":"PropertyValueSpecification","valueRequired":true,"valueName":"search_term_string"}}],"inLanguage":"pt-PT"}]}},"_links":{"self":[{"href":"https:\/\/www.profteq.it\/pt-pt\/wp-json\/wp\/v2\/pages\/3484","targetHints":{"allow":["GET"]}}],"collection":[{"href":"https:\/\/www.profteq.it\/pt-pt\/wp-json\/wp\/v2\/pages"}],"about":[{"href":"https:\/\/www.profteq.it\/pt-pt\/wp-json\/wp\/v2\/types\/page"}],"author":[{"embeddable":true,"href":"https:\/\/www.profteq.it\/pt-pt\/wp-json\/wp\/v2\/users\/7"}],"replies":[{"embeddable":true,"href":"https:\/\/www.profteq.it\/pt-pt\/wp-json\/wp\/v2\/comments?post=3484"}],"version-history":[{"count":7,"href":"https:\/\/www.profteq.it\/pt-pt\/wp-json\/wp\/v2\/pages\/3484\/revisions"}],"predecessor-version":[{"id":4144,"href":"https:\/\/www.profteq.it\/pt-pt\/wp-json\/wp\/v2\/pages\/3484\/revisions\/4144"}],"wp:attachment":[{"href":"https:\/\/www.profteq.it\/pt-pt\/wp-json\/wp\/v2\/media?parent=3484"}],"curies":[{"name":"wp","href":"https:\/\/api.w.org\/{rel}","templated":true}]}}